{"version":"1.0","provider_name":"Temps Barcelona","provider_url":"https:\/\/www.tempsbarcelona.com\/fr\/","author_name":"Viajero","author_url":"https:\/\/www.tempsbarcelona.com\/fr\/author\/enjoy\/","title":"Un Tr\u00e9sor Cach\u00e9 de l'\u00cele de Cuba - Temps Barcelona","type":"rich","width":600,"height":338,"html":"<blockquote class=\"wp-embedded-content\" data-secret=\"R0q6vb9gfu\"><a href=\"https:\/\/www.tempsbarcelona.com\/fr\/un-tresor-cache-de-lile-de-cuba\/\">Un Tr\u00e9sor Cach\u00e9 de l&rsquo;\u00cele de Cuba<\/a><\/blockquote><iframe sandbox=\"allow-scripts\" security=\"restricted\" src=\"https:\/\/www.tempsbarcelona.com\/fr\/un-tresor-cache-de-lile-de-cuba\/embed\/#?secret=R0q6vb9gfu\" width=\"600\" height=\"338\" title=\"\u00ab\u00a0Un Tr\u00e9sor Cach\u00e9 de l&rsquo;\u00cele de Cuba\u00a0\u00bb &#8212; Temps Barcelona\" data-secret=\"R0q6vb9gfu\" frameborder=\"0\" marginwidth=\"0\" marginheight=\"0\" scrolling=\"no\" class=\"wp-embedded-content\"><\/iframe><script type=\"text\/javascript\">\n\/* <![CDATA[ *\/\n\/*! This file is auto-generated *\/\n!function(d,l){\"use strict\";l.querySelector&&d.addEventListener&&\"undefined\"!=typeof URL&&(d.wp=d.wp||{},d.wp.receiveEmbedMessage||(d.wp.receiveEmbedMessage=function(e){var t=e.data;if((t||t.secret||t.message||t.value)&&!\/[^a-zA-Z0-9]\/.test(t.secret)){for(var s,r,n,a=l.querySelectorAll('iframe[data-secret=\"'+t.secret+'\"]'),o=l.querySelectorAll('blockquote[data-secret=\"'+t.secret+'\"]'),c=new RegExp(\"^https?:$\",\"i\"),i=0;i<o.length;i++)o[i].style.display=\"none\";for(i=0;i<a.length;i++)s=a[i],e.source===s.contentWindow&&(s.removeAttribute(\"style\"),\"height\"===t.message?(1e3<(r=parseInt(t.value,10))?r=1e3:~~r<200&&(r=200),s.height=r):\"link\"===t.message&&(r=new URL(s.getAttribute(\"src\")),n=new URL(t.value),c.test(n.protocol))&&n.host===r.host&&l.activeElement===s&&(d.top.location.href=t.value))}},d.addEventListener(\"message\",d.wp.receiveEmbedMessage,!1),l.addEventListener(\"DOMContentLoaded\",function(){for(var e,t,s=l.querySelectorAll(\"iframe.wp-embedded-content\"),r=0;r<s.length;r++)(t=(e=s[r]).getAttribute(\"data-secret\"))||(t=Math.random().toString(36).substring(2,12),e.src+=\"#?secret=\"+t,e.setAttribute(\"data-secret\",t)),e.contentWindow.postMessage({message:\"ready\",secret:t},\"*\")},!1)))}(window,document);\n\/\/# sourceURL=https:\/\/www.tempsbarcelona.com\/wp-includes\/js\/wp-embed.min.js\n\/* ]]> *\/\n<\/script>\n","thumbnail_url":"https:\/\/www.tempsbarcelona.com\/wp-content\/uploads\/2024\/05\/WhatsApp-Image-2024-05-29-at-12.46.09-1.jpeg","thumbnail_width":900,"thumbnail_height":1600,"description":"Le Domaine Viticole de Cuba, un joyau m\u00e9connu nich\u00e9 au c\u0153ur des paysages exotiques de l&rsquo;\u00eele. Situ\u00e9 dans la vall\u00e9e verdoyante de Vi\u00f1ales, ce domaine viticole offre une exp\u00e9rience unique o\u00f9 le vin, la gastronomie et les activit\u00e9s de plein air se conjuguent pour cr\u00e9er des souvenirs inoubliables. Bien que Cuba ne soit pas traditionnellement [&hellip;]"}