{"version":"1.0","provider_name":"Temps Barcelona","provider_url":"https:\/\/www.tempsbarcelona.com\/fr\/","author_name":"Viajero","author_url":"https:\/\/www.tempsbarcelona.com\/fr\/author\/enjoy\/","title":"Le B\u00e9arn : histoire, nature et gastronomie - Temps Barcelona","type":"rich","width":600,"height":338,"html":"<blockquote class=\"wp-embedded-content\" data-secret=\"VJUHDSOyih\"><a href=\"https:\/\/www.tempsbarcelona.com\/fr\/le-bearn-histoire-nature-et-gastronomie\/\">Le B\u00e9arn : histoire, nature et gastronomie<\/a><\/blockquote><iframe sandbox=\"allow-scripts\" security=\"restricted\" src=\"https:\/\/www.tempsbarcelona.com\/fr\/le-bearn-histoire-nature-et-gastronomie\/embed\/#?secret=VJUHDSOyih\" width=\"600\" height=\"338\" title=\"\u00ab\u00a0Le B\u00e9arn : histoire, nature et gastronomie\u00a0\u00bb &#8212; Temps Barcelona\" data-secret=\"VJUHDSOyih\" frameborder=\"0\" marginwidth=\"0\" marginheight=\"0\" scrolling=\"no\" class=\"wp-embedded-content\"><\/iframe><script type=\"text\/javascript\">\n\/* <![CDATA[ *\/\n\/*! This file is auto-generated *\/\n!function(d,l){\"use strict\";l.querySelector&&d.addEventListener&&\"undefined\"!=typeof URL&&(d.wp=d.wp||{},d.wp.receiveEmbedMessage||(d.wp.receiveEmbedMessage=function(e){var t=e.data;if((t||t.secret||t.message||t.value)&&!\/[^a-zA-Z0-9]\/.test(t.secret)){for(var s,r,n,a=l.querySelectorAll('iframe[data-secret=\"'+t.secret+'\"]'),o=l.querySelectorAll('blockquote[data-secret=\"'+t.secret+'\"]'),c=new RegExp(\"^https?:$\",\"i\"),i=0;i<o.length;i++)o[i].style.display=\"none\";for(i=0;i<a.length;i++)s=a[i],e.source===s.contentWindow&&(s.removeAttribute(\"style\"),\"height\"===t.message?(1e3<(r=parseInt(t.value,10))?r=1e3:~~r<200&&(r=200),s.height=r):\"link\"===t.message&&(r=new URL(s.getAttribute(\"src\")),n=new URL(t.value),c.test(n.protocol))&&n.host===r.host&&l.activeElement===s&&(d.top.location.href=t.value))}},d.addEventListener(\"message\",d.wp.receiveEmbedMessage,!1),l.addEventListener(\"DOMContentLoaded\",function(){for(var e,t,s=l.querySelectorAll(\"iframe.wp-embedded-content\"),r=0;r<s.length;r++)(t=(e=s[r]).getAttribute(\"data-secret\"))||(t=Math.random().toString(36).substring(2,12),e.src+=\"#?secret=\"+t,e.setAttribute(\"data-secret\",t)),e.contentWindow.postMessage({message:\"ready\",secret:t},\"*\")},!1)))}(window,document);\n\/\/# sourceURL=https:\/\/www.tempsbarcelona.com\/wp-includes\/js\/wp-embed.min.js\n\/* ]]> *\/\n<\/script>\n","thumbnail_url":"https:\/\/www.tempsbarcelona.com\/wp-content\/uploads\/2024\/02\/IMG-20240403-WA0019.jpg","thumbnail_width":1920,"thumbnail_height":1080,"description":"Bienvenue en B\u00e9arn, une r\u00e9gion du sud-ouest de la France qui allie harmonieusement histoire, nature et gastronomie. Au c\u0153ur des Pyr\u00e9n\u00e9es-Atlantiques, cette terre charg\u00e9e de l\u00e9gendes et de traditions offre une aventure riche en d\u00e9couvertes et plaisirs. Embarquez avec nous pour une exploration approfondie du B\u00e9arn, o\u00f9 chaque aspect de cette r\u00e9gion captivante invite \u00e0 [&hellip;]"}